{"id":119,"date":"2017-07-01T01:20:04","date_gmt":"2017-07-01T01:20:04","guid":{"rendered":"http:\/\/dodoac.org\/?page_id=119"},"modified":"2025-02-07T00:19:49","modified_gmt":"2025-02-07T00:19:49","slug":"que-hacemos","status":"publish","type":"page","link":"https:\/\/dodoac.org\/index.php\/que-hacemos\/","title":{"rendered":"\u00bfQu\u00e9 hacemos?"},"content":{"rendered":"<div id=\"comp-ili4pgk9\" class=\"txtNew\" data-reactid=\".0.$SITE_ROOT.$desktop_siteRoot.$PAGES_CONTAINER.1.1.$SITE_PAGES.$f3zum_DESKTOP.1.$comp-iuyz8wmx.1.$comp-iuyz8wnw\/=1$comp-iuyz8wnw.1.$comp-iuyz8wo1.1.$comp-ili4pgk9\">\n<p class=\"font_8\">Somos grupo de personas que trabajan en distintas disciplinas, que influyen a la educaci\u00f3n ambiental, la ecolog\u00eda, la biolog\u00eda de la conservaci\u00f3n, la sustentabilidad, la m\u00fasica, las artes gr\u00e1ficas y el teatro.&nbsp; Buscamos generar un cambio positivo en la actitud de la sociedad hacia la naturaleza.<\/p>\n<p><img loading=\"lazy\" decoding=\"async\" class=\"alignnone  wp-image-290\" src=\"http:\/\/dodoac.org\/wp-content\/uploads\/2018\/01\/Reforestacio\u0301n_08242008-5-169x300.jpg\" alt=\"\" width=\"83\" height=\"148\" srcset=\"https:\/\/dodoac.org\/wp-content\/uploads\/2018\/01\/Reforestacio\u0301n_08242008-5-169x300.jpg 169w, https:\/\/dodoac.org\/wp-content\/uploads\/2018\/01\/Reforestacio\u0301n_08242008-5.jpg 338w\" sizes=\"auto, (max-width: 83px) 100vw, 83px\" \/>&nbsp;<img loading=\"lazy\" decoding=\"async\" class=\"alignnone  wp-image-284\" src=\"http:\/\/dodoac.org\/wp-content\/uploads\/2018\/01\/Platica-obs.-de-aves-Feria-del-Libro-Mineri\u0301a-2005-300x199.jpg\" alt=\"\" width=\"223\" height=\"148\" srcset=\"https:\/\/dodoac.org\/wp-content\/uploads\/2018\/01\/Platica-obs.-de-aves-Feria-del-Libro-Mineri\u0301a-2005-300x199.jpg 300w, https:\/\/dodoac.org\/wp-content\/uploads\/2018\/01\/Platica-obs.-de-aves-Feria-del-Libro-Mineri\u0301a-2005-150x100.jpg 150w, https:\/\/dodoac.org\/wp-content\/uploads\/2018\/01\/Platica-obs.-de-aves-Feria-del-Libro-Mineri\u0301a-2005.jpg 591w\" sizes=\"auto, (max-width: 223px) 100vw, 223px\" \/> <img loading=\"lazy\" decoding=\"async\" class=\"alignnone  wp-image-278\" src=\"http:\/\/dodoac.org\/wp-content\/uploads\/2018\/01\/Obra-de-teatro-1-1-300x225.jpg\" alt=\"\" width=\"198\" height=\"148\" srcset=\"https:\/\/dodoac.org\/wp-content\/uploads\/2018\/01\/Obra-de-teatro-1-1-300x225.jpg 300w, https:\/\/dodoac.org\/wp-content\/uploads\/2018\/01\/Obra-de-teatro-1-1-150x113.jpg 150w, https:\/\/dodoac.org\/wp-content\/uploads\/2018\/01\/Obra-de-teatro-1-1.jpg 400w\" sizes=\"auto, (max-width: 198px) 100vw, 198px\" \/><\/p>\n<p class=\"font_8\">Misi\u00f3n: Contribuir a la conservaci\u00f3n de la naturaleza y al desarrollo social a trav\u00e9s de promover, fomentar, colaborar, y realizar actividades educativas, culturas y de investigaci\u00f3n.<\/p>\n<p><img loading=\"lazy\" decoding=\"async\" class=\"alignnone  wp-image-501\" src=\"http:\/\/dodoac.org\/wp-content\/uploads\/2020\/05\/Sinfo-cantando-300x225.jpg\" alt=\"\" width=\"217\" height=\"163\" srcset=\"https:\/\/dodoac.org\/wp-content\/uploads\/2020\/05\/Sinfo-cantando-300x225.jpg 300w, https:\/\/dodoac.org\/wp-content\/uploads\/2020\/05\/Sinfo-cantando-150x113.jpg 150w, https:\/\/dodoac.org\/wp-content\/uploads\/2020\/05\/Sinfo-cantando.jpg 533w\" sizes=\"auto, (max-width: 217px) 100vw, 217px\" \/> <img loading=\"lazy\" decoding=\"async\" class=\"alignnone  wp-image-500\" src=\"http:\/\/dodoac.org\/wp-content\/uploads\/2020\/05\/Estudiantes-visitando-Ri\u0301o-de-rapaces-1-204x300.jpg\" alt=\"\" width=\"110\" height=\"162\" srcset=\"https:\/\/dodoac.org\/wp-content\/uploads\/2020\/05\/Estudiantes-visitando-Ri\u0301o-de-rapaces-1-204x300.jpg 204w, https:\/\/dodoac.org\/wp-content\/uploads\/2020\/05\/Estudiantes-visitando-Ri\u0301o-de-rapaces-1-102x150.jpg 102w, https:\/\/dodoac.org\/wp-content\/uploads\/2020\/05\/Estudiantes-visitando-Ri\u0301o-de-rapaces-1.jpg 276w\" sizes=\"auto, (max-width: 110px) 100vw, 110px\" \/> <img loading=\"lazy\" decoding=\"async\" class=\"alignnone  wp-image-299\" src=\"http:\/\/dodoac.org\/wp-content\/uploads\/2018\/01\/Tomelhuro\u0301n-300x225.jpg\" alt=\"\" width=\"210\" height=\"157\" srcset=\"https:\/\/dodoac.org\/wp-content\/uploads\/2018\/01\/Tomelhuro\u0301n-300x225.jpg 300w, https:\/\/dodoac.org\/wp-content\/uploads\/2018\/01\/Tomelhuro\u0301n-150x113.jpg 150w, https:\/\/dodoac.org\/wp-content\/uploads\/2018\/01\/Tomelhuro\u0301n.jpg 320w\" sizes=\"auto, (max-width: 210px) 100vw, 210px\" \/><\/p>\n<p class=\"font_8\"><span class=\"wixGuard\">\u200b<\/span>Visi\u00f3n: Vivimos para un mundo en el que la conciencia individual es el catalizador de un cambio colectivo hacia un modo de vida con menos impacto en la naturaleza.<\/p>\n<\/div>\n<p><img loading=\"lazy\" decoding=\"async\" class=\"alignnone  wp-image-320\" src=\"http:\/\/dodoac.org\/wp-content\/uploads\/2018\/01\/Ministros-del-ambiente-de-Me\u0301xico-EUA-y-Canada\u0301-300x197.jpg\" alt=\"\" width=\"227\" height=\"149\" srcset=\"https:\/\/dodoac.org\/wp-content\/uploads\/2018\/01\/Ministros-del-ambiente-de-Me\u0301xico-EUA-y-Canada\u0301-300x197.jpg 300w, https:\/\/dodoac.org\/wp-content\/uploads\/2018\/01\/Ministros-del-ambiente-de-Me\u0301xico-EUA-y-Canada\u0301-150x98.jpg 150w, https:\/\/dodoac.org\/wp-content\/uploads\/2018\/01\/Ministros-del-ambiente-de-Me\u0301xico-EUA-y-Canada\u0301-768x504.jpg 768w, https:\/\/dodoac.org\/wp-content\/uploads\/2018\/01\/Ministros-del-ambiente-de-Me\u0301xico-EUA-y-Canada\u0301.jpg 800w\" sizes=\"auto, (max-width: 227px) 100vw, 227px\" \/> <img loading=\"lazy\" decoding=\"async\" class=\"alignnone  wp-image-294\" src=\"http:\/\/dodoac.org\/wp-content\/uploads\/2018\/01\/Taller-electrocucio\u0301n-300x225.jpg\" alt=\"\" width=\"201\" height=\"151\" srcset=\"https:\/\/dodoac.org\/wp-content\/uploads\/2018\/01\/Taller-electrocucio\u0301n-300x225.jpg 300w, https:\/\/dodoac.org\/wp-content\/uploads\/2018\/01\/Taller-electrocucio\u0301n-150x113.jpg 150w, https:\/\/dodoac.org\/wp-content\/uploads\/2018\/01\/Taller-electrocucio\u0301n.jpg 640w\" sizes=\"auto, (max-width: 201px) 100vw, 201px\" \/> &nbsp;&nbsp;<\/p>\n<p><a href=\"http:\/\/dodoac.org\/index.php\/consulta-nuestros-materiales\/\" target=\"_blank\" rel=\"noopener noreferrer\">Consulta Nuestros Materiales.<\/a><\/p>\n<p>Materiales educativos<\/p>\n<p><a href=\"http:\/\/dodoac.org\/wp-content\/uploads\/2018\/01\/Pasion-en-la-pradera-final.pdf\"><img loading=\"lazy\" decoding=\"async\" class=\"alignnone wp-image-275\" src=\"http:\/\/dodoac.org\/wp-content\/uploads\/2018\/01\/Portada-pasion-web-239x300.jpg\" alt=\"\" width=\"155\" height=\"194\" srcset=\"https:\/\/dodoac.org\/wp-content\/uploads\/2018\/01\/Portada-pasion-web-239x300.jpg 239w, https:\/\/dodoac.org\/wp-content\/uploads\/2018\/01\/Portada-pasion-web-120x150.jpg 120w, https:\/\/dodoac.org\/wp-content\/uploads\/2018\/01\/Portada-pasion-web.jpg 319w\" sizes=\"auto, (max-width: 155px) 100vw, 155px\" \/><\/a>&nbsp;&nbsp;<a href=\"http:\/\/dodoac.org\/wp-content\/uploads\/2018\/01\/Manual-obs-aves-030903.pdf\"><img loading=\"lazy\" decoding=\"async\" class=\"alignnone wp-image-272\" src=\"http:\/\/dodoac.org\/wp-content\/uploads\/2018\/01\/MOA-portada-234x300.jpg\" alt=\"\" width=\"153\" height=\"196\" srcset=\"https:\/\/dodoac.org\/wp-content\/uploads\/2018\/01\/MOA-portada-234x300.jpg 234w, https:\/\/dodoac.org\/wp-content\/uploads\/2018\/01\/MOA-portada-117x150.jpg 117w, https:\/\/dodoac.org\/wp-content\/uploads\/2018\/01\/MOA-portada.jpg 312w\" sizes=\"auto, (max-width: 153px) 100vw, 153px\" \/><\/a>&nbsp;&nbsp;<a href=\"http:\/\/dodoac.org\/wp-content\/uploads\/2022\/07\/Aves-pastizal-web.pdf\"><img loading=\"lazy\" decoding=\"async\" class=\"alignnone wp-image-273\" src=\"http:\/\/dodoac.org\/wp-content\/uploads\/2018\/01\/Portada-aves-de-pastizal-web-225x300.jpg\" alt=\"\" width=\"142\" height=\"189\" srcset=\"https:\/\/dodoac.org\/wp-content\/uploads\/2018\/01\/Portada-aves-de-pastizal-web-225x300.jpg 225w, https:\/\/dodoac.org\/wp-content\/uploads\/2018\/01\/Portada-aves-de-pastizal-web-113x150.jpg 113w, https:\/\/dodoac.org\/wp-content\/uploads\/2018\/01\/Portada-aves-de-pastizal-web.jpg 300w\" sizes=\"auto, (max-width: 142px) 100vw, 142px\" \/><\/a>&nbsp;&nbsp;<a href=\"http:\/\/dodoac.org\/wp-content\/uploads\/2018\/01\/Folleto-Tom-El-Huro\u0301n.pdf\"><img loading=\"lazy\" decoding=\"async\" class=\"alignnone wp-image-276\" src=\"http:\/\/dodoac.org\/wp-content\/uploads\/2018\/01\/Portada-Tom-El-Huro\u0301n-web-232x300.jpg\" alt=\"\" width=\"146\" height=\"189\" srcset=\"https:\/\/dodoac.org\/wp-content\/uploads\/2018\/01\/Portada-Tom-El-Huro\u0301n-web-232x300.jpg 232w, https:\/\/dodoac.org\/wp-content\/uploads\/2018\/01\/Portada-Tom-El-Huro\u0301n-web-116x150.jpg 116w, https:\/\/dodoac.org\/wp-content\/uploads\/2018\/01\/Portada-Tom-El-Huro\u0301n-web.jpg 309w\" sizes=\"auto, (max-width: 146px) 100vw, 146px\" \/><\/a> <a href=\"http:\/\/dodoac.org\/wp-content\/uploads\/2020\/04\/Di\u0301ptico-Bisontes-web.pdf\" target=\"_blank\" rel=\"noopener noreferrer\"><img loading=\"lazy\" decoding=\"async\" class=\"alignnone  wp-image-410\" src=\"http:\/\/dodoac.org\/wp-content\/uploads\/2020\/04\/Portada-diptico-bisontes-web-250x300.jpeg\" alt=\"\" width=\"161\" height=\"193\" srcset=\"https:\/\/dodoac.org\/wp-content\/uploads\/2020\/04\/Portada-diptico-bisontes-web-250x300.jpeg 250w, https:\/\/dodoac.org\/wp-content\/uploads\/2020\/04\/Portada-diptico-bisontes-web-125x150.jpeg 125w, https:\/\/dodoac.org\/wp-content\/uploads\/2020\/04\/Portada-diptico-bisontes-web.jpeg 600w\" sizes=\"auto, (max-width: 161px) 100vw, 161px\" \/><\/a> &nbsp;&nbsp;<a href=\"http:\/\/dodoac.org\/wp-content\/uploads\/2020\/04\/Diptico-Janos.pdf\" target=\"_blank\" rel=\"noopener noreferrer\"><img loading=\"lazy\" decoding=\"async\" class=\"alignnone  wp-image-463\" src=\"http:\/\/dodoac.org\/wp-content\/uploads\/2020\/04\/Diptico-Janos-238x300.png\" alt=\"\" width=\"144\" height=\"182\" srcset=\"https:\/\/dodoac.org\/wp-content\/uploads\/2020\/04\/Diptico-Janos-238x300.png 238w, https:\/\/dodoac.org\/wp-content\/uploads\/2020\/04\/Diptico-Janos-119x150.png 119w, https:\/\/dodoac.org\/wp-content\/uploads\/2020\/04\/Diptico-Janos-768x967.png 768w, https:\/\/dodoac.org\/wp-content\/uploads\/2020\/04\/Diptico-Janos.png 778w\" sizes=\"auto, (max-width: 144px) 100vw, 144px\" \/>&nbsp;&nbsp;<\/a>&nbsp;<\/p>\n<p><a href=\"http:\/\/dodoac.org\/wp-content\/uploads\/2018\/01\/Cuaderno-felinos-versio\u0301n-peq.pdf\"><img loading=\"lazy\" decoding=\"async\" class=\"alignnone wp-image-274\" src=\"http:\/\/dodoac.org\/wp-content\/uploads\/2018\/01\/Portada-felinos-web-248x300.jpg\" alt=\"\" width=\"179\" height=\"217\" srcset=\"https:\/\/dodoac.org\/wp-content\/uploads\/2018\/01\/Portada-felinos-web-248x300.jpg 248w, https:\/\/dodoac.org\/wp-content\/uploads\/2018\/01\/Portada-felinos-web-124x150.jpg 124w, https:\/\/dodoac.org\/wp-content\/uploads\/2018\/01\/Portada-felinos-web.jpg 330w\" sizes=\"auto, (max-width: 179px) 100vw, 179px\" \/><\/a>&nbsp; &nbsp;<a href=\"http:\/\/dodoac.org\/wp-content\/uploads\/2018\/01\/Aves-de-la-selva-web.pdf\"><img loading=\"lazy\" decoding=\"async\" class=\"alignnone wp-image-267\" src=\"http:\/\/dodoac.org\/wp-content\/uploads\/2018\/01\/Aves-web-232x300.jpg\" alt=\"\" width=\"167\" height=\"216\" srcset=\"https:\/\/dodoac.org\/wp-content\/uploads\/2018\/01\/Aves-web-232x300.jpg 232w, https:\/\/dodoac.org\/wp-content\/uploads\/2018\/01\/Aves-web-116x150.jpg 116w, https:\/\/dodoac.org\/wp-content\/uploads\/2018\/01\/Aves-web.jpg 309w\" sizes=\"auto, (max-width: 167px) 100vw, 167px\" \/><\/a>&nbsp; &nbsp;<\/p>\n<p>Capacitaci\u00f3n<\/p>\n<p>&nbsp; &nbsp; &nbsp; &nbsp; &nbsp; &nbsp; &nbsp; <a href=\"http:\/\/dodoac.org\/wp-content\/uploads\/2018\/01\/MANUAL-1-web.pdf\"><img loading=\"lazy\" decoding=\"async\" class=\"wp-image-271 alignleft\" src=\"http:\/\/dodoac.org\/wp-content\/uploads\/2018\/01\/MANUAL2-versio\u0301n-web-232x300.jpg\" alt=\"\" width=\"159\" height=\"206\" srcset=\"https:\/\/dodoac.org\/wp-content\/uploads\/2018\/01\/MANUAL2-versio\u0301n-web-232x300.jpg 232w, https:\/\/dodoac.org\/wp-content\/uploads\/2018\/01\/MANUAL2-versio\u0301n-web-116x150.jpg 116w, https:\/\/dodoac.org\/wp-content\/uploads\/2018\/01\/MANUAL2-versio\u0301n-web.jpg 400w\" sizes=\"auto, (max-width: 159px) 100vw, 159px\" \/><\/a><\/p>\n<p><\/p>\n<p>Exposiciones<\/p>\n<p><a href=\"http:\/\/dodoac.org\/wp-content\/uploads\/2020\/05\/polonizadoresbaja.pdf\" target=\"_blank\" rel=\"noopener noreferrer\"><img loading=\"lazy\" decoding=\"async\" class=\"alignnone  wp-image-495\" src=\"http:\/\/dodoac.org\/wp-content\/uploads\/2020\/05\/pol01-199x300.jpg\" alt=\"\" width=\"128\" height=\"193\" srcset=\"https:\/\/dodoac.org\/wp-content\/uploads\/2020\/05\/pol01-199x300.jpg 199w, https:\/\/dodoac.org\/wp-content\/uploads\/2020\/05\/pol01-99x150.jpg 99w, https:\/\/dodoac.org\/wp-content\/uploads\/2020\/05\/pol01.jpg 424w\" sizes=\"auto, (max-width: 128px) 100vw, 128px\" \/><\/a> &nbsp; &nbsp;<a href=\"http:\/\/dodoac.org\/wp-content\/uploads\/2020\/04\/Expo-bisonte-web.pdf\" target=\"_blank\" rel=\"noopener noreferrer\"><img loading=\"lazy\" decoding=\"async\" class=\"alignnone  wp-image-411\" src=\"http:\/\/dodoac.org\/wp-content\/uploads\/2020\/04\/Presentacio\u0301n-bisontes-web-180x300.jpeg\" alt=\"\" width=\"116\" height=\"193\" srcset=\"https:\/\/dodoac.org\/wp-content\/uploads\/2020\/04\/Presentacio\u0301n-bisontes-web-180x300.jpeg 180w, https:\/\/dodoac.org\/wp-content\/uploads\/2020\/04\/Presentacio\u0301n-bisontes-web-90x150.jpeg 90w, https:\/\/dodoac.org\/wp-content\/uploads\/2020\/04\/Presentacio\u0301n-bisontes-web.jpeg 600w\" sizes=\"auto, (max-width: 116px) 100vw, 116px\" \/><\/a><\/p>\n<p>Infograf\u00edas<\/p>\n<p><a href=\"http:\/\/dodoac.org\/wp-content\/uploads\/2018\/11\/Infografia-Vida-saludable-y-sustentable.jpg\" target=\"_blank\" rel=\"noopener noreferrer\"><img loading=\"lazy\" decoding=\"async\" class=\"alignnone size-medium wp-image-374\" src=\"http:\/\/dodoac.org\/wp-content\/uploads\/2018\/11\/Infografia-Vida-saludable-y-sustentable-peq-194x300.gif\" alt=\"\" width=\"194\" height=\"300\" srcset=\"https:\/\/dodoac.org\/wp-content\/uploads\/2018\/11\/Infografia-Vida-saludable-y-sustentable-peq-194x300.gif 194w, https:\/\/dodoac.org\/wp-content\/uploads\/2018\/11\/Infografia-Vida-saludable-y-sustentable-peq-97x150.gif 97w, https:\/\/dodoac.org\/wp-content\/uploads\/2018\/11\/Infografia-Vida-saludable-y-sustentable-peq-768x1187.gif 768w, https:\/\/dodoac.org\/wp-content\/uploads\/2018\/11\/Infografia-Vida-saludable-y-sustentable-peq-663x1024.gif 663w\" sizes=\"auto, (max-width: 194px) 100vw, 194px\" \/><\/a>&nbsp; <a href=\"http:\/\/dodoac.org\/wp-content\/uploads\/2019\/09\/Cua\u0301nta-protei\u0301na-debo-comer.png\" target=\"_blank\" rel=\"noopener noreferrer\"><img loading=\"lazy\" decoding=\"async\" class=\"alignnone size-medium wp-image-427\" src=\"http:\/\/dodoac.org\/wp-content\/uploads\/2020\/04\/Cuanta-protei\u0301na-debeo-comer-211x300.jpg\" alt=\"\" width=\"211\" height=\"300\" srcset=\"https:\/\/dodoac.org\/wp-content\/uploads\/2020\/04\/Cuanta-protei\u0301na-debeo-comer-211x300.jpg 211w, https:\/\/dodoac.org\/wp-content\/uploads\/2020\/04\/Cuanta-protei\u0301na-debeo-comer-106x150.jpg 106w, https:\/\/dodoac.org\/wp-content\/uploads\/2020\/04\/Cuanta-protei\u0301na-debeo-comer-768x1091.jpg 768w, https:\/\/dodoac.org\/wp-content\/uploads\/2020\/04\/Cuanta-protei\u0301na-debeo-comer-721x1024.jpg 721w, https:\/\/dodoac.org\/wp-content\/uploads\/2020\/04\/Cuanta-protei\u0301na-debeo-comer.jpg 821w\" sizes=\"auto, (max-width: 211px) 100vw, 211px\" \/><\/a><\/p>\n<p><a href=\"http:\/\/dodoac.org\/wp-content\/uploads\/2020\/04\/Que\u0301-carne-comprar.png\" target=\"_blank\" rel=\"noopener noreferrer\"><img loading=\"lazy\" decoding=\"async\" class=\"alignnone  wp-image-425\" src=\"http:\/\/dodoac.org\/wp-content\/uploads\/2020\/04\/Que-carne-comprar-300x272.jpg\" alt=\"\" width=\"223\" height=\"201\" srcset=\"https:\/\/dodoac.org\/wp-content\/uploads\/2020\/04\/Que-carne-comprar-300x272.jpg 300w, https:\/\/dodoac.org\/wp-content\/uploads\/2020\/04\/Que-carne-comprar-150x136.jpg 150w, https:\/\/dodoac.org\/wp-content\/uploads\/2020\/04\/Que-carne-comprar-768x696.jpg 768w, https:\/\/dodoac.org\/wp-content\/uploads\/2020\/04\/Que-carne-comprar.jpg 800w\" sizes=\"auto, (max-width: 223px) 100vw, 223px\" \/><\/a>&nbsp; &nbsp; <a href=\"http:\/\/dodoac.org\/wp-content\/uploads\/2019\/09\/Carne-de-cerdo.png\" target=\"_blank\" rel=\"noopener noreferrer\"><img loading=\"lazy\" decoding=\"async\" class=\"alignnone  wp-image-426\" src=\"http:\/\/dodoac.org\/wp-content\/uploads\/2020\/04\/Carne-de-cerdo-251x300.jpg\" alt=\"\" width=\"171\" height=\"204\" srcset=\"https:\/\/dodoac.org\/wp-content\/uploads\/2020\/04\/Carne-de-cerdo-251x300.jpg 251w, https:\/\/dodoac.org\/wp-content\/uploads\/2020\/04\/Carne-de-cerdo-125x150.jpg 125w, https:\/\/dodoac.org\/wp-content\/uploads\/2020\/04\/Carne-de-cerdo-768x918.jpg 768w, https:\/\/dodoac.org\/wp-content\/uploads\/2020\/04\/Carne-de-cerdo.jpg 791w\" sizes=\"auto, (max-width: 171px) 100vw, 171px\" \/><\/a><\/p>\n<p><a href=\"http:\/\/dodoac.org\/wp-content\/uploads\/2020\/04\/agua-embotelladal-1.pdf\" target=\"_blank\" rel=\"noopener noreferrer\"><img loading=\"lazy\" decoding=\"async\" class=\"alignnone size-medium wp-image-443\" src=\"http:\/\/dodoac.org\/wp-content\/uploads\/2020\/04\/Agua-embotellada-195x300.png\" alt=\"\" width=\"195\" height=\"300\" srcset=\"https:\/\/dodoac.org\/wp-content\/uploads\/2020\/04\/Agua-embotellada-195x300.png 195w, https:\/\/dodoac.org\/wp-content\/uploads\/2020\/04\/Agua-embotellada-97x150.png 97w, https:\/\/dodoac.org\/wp-content\/uploads\/2020\/04\/Agua-embotellada-768x1183.png 768w, https:\/\/dodoac.org\/wp-content\/uploads\/2020\/04\/Agua-embotellada-665x1024.png 665w, https:\/\/dodoac.org\/wp-content\/uploads\/2020\/04\/Agua-embotellada.png 784w\" sizes=\"auto, (max-width: 195px) 100vw, 195px\" \/><\/a> <a href=\"http:\/\/dodoac.org\/wp-content\/uploads\/2020\/04\/azucar-an\u0303adida-1.pdf\" target=\"_blank\" rel=\"noopener noreferrer\"><img loading=\"lazy\" decoding=\"async\" class=\"alignnone size-medium wp-image-442\" src=\"http:\/\/dodoac.org\/wp-content\/uploads\/2020\/04\/Azu\u0301car-an\u0303adida-196x300.png\" alt=\"\" width=\"196\" height=\"300\" srcset=\"https:\/\/dodoac.org\/wp-content\/uploads\/2020\/04\/Azu\u0301car-an\u0303adida-196x300.png 196w, https:\/\/dodoac.org\/wp-content\/uploads\/2020\/04\/Azu\u0301car-an\u0303adida-98x150.png 98w, https:\/\/dodoac.org\/wp-content\/uploads\/2020\/04\/Azu\u0301car-an\u0303adida.png 632w\" sizes=\"auto, (max-width: 196px) 100vw, 196px\" \/><\/a> <a href=\"http:\/\/dodoac.org\/wp-content\/uploads\/2020\/04\/chatarra-1.pdf\" target=\"_blank\" rel=\"noopener noreferrer\"><img loading=\"lazy\" decoding=\"async\" class=\"alignnone size-medium wp-image-441\" src=\"http:\/\/dodoac.org\/wp-content\/uploads\/2020\/04\/Chatarra-195x300.png\" alt=\"\" width=\"195\" height=\"300\" srcset=\"https:\/\/dodoac.org\/wp-content\/uploads\/2020\/04\/Chatarra-195x300.png 195w, https:\/\/dodoac.org\/wp-content\/uploads\/2020\/04\/Chatarra-97x150.png 97w, https:\/\/dodoac.org\/wp-content\/uploads\/2020\/04\/Chatarra-665x1024.png 665w, https:\/\/dodoac.org\/wp-content\/uploads\/2020\/04\/Chatarra.png 760w\" sizes=\"auto, (max-width: 195px) 100vw, 195px\" \/><\/a> <a href=\"http:\/\/dodoac.org\/wp-content\/uploads\/2020\/04\/Peces.pdf\" target=\"_blank\" rel=\"noopener noreferrer\"><img loading=\"lazy\" decoding=\"async\" class=\"alignnone size-medium wp-image-440\" src=\"http:\/\/dodoac.org\/wp-content\/uploads\/2020\/04\/Pescado-196x300.png\" alt=\"\" width=\"196\" height=\"300\" srcset=\"https:\/\/dodoac.org\/wp-content\/uploads\/2020\/04\/Pescado-196x300.png 196w, https:\/\/dodoac.org\/wp-content\/uploads\/2020\/04\/Pescado-98x150.png 98w, https:\/\/dodoac.org\/wp-content\/uploads\/2020\/04\/Pescado.png 768w, https:\/\/dodoac.org\/wp-content\/uploads\/2020\/04\/Pescado-668x1024.png 668w\" sizes=\"auto, (max-width: 196px) 100vw, 196px\" \/><\/a> <a href=\"http:\/\/dodoac.org\/wp-content\/uploads\/2020\/04\/AceiteDePalma.pdf\" target=\"_blank\" rel=\"noopener noreferrer\"><img loading=\"lazy\" decoding=\"async\" class=\"alignnone size-medium wp-image-439\" src=\"http:\/\/dodoac.org\/wp-content\/uploads\/2020\/04\/Aceite-de-palma-195x300.png\" alt=\"\" width=\"195\" height=\"300\" srcset=\"https:\/\/dodoac.org\/wp-content\/uploads\/2020\/04\/Aceite-de-palma-195x300.png 195w, https:\/\/dodoac.org\/wp-content\/uploads\/2020\/04\/Aceite-de-palma-97x150.png 97w, https:\/\/dodoac.org\/wp-content\/uploads\/2020\/04\/Aceite-de-palma-665x1024.png 665w, https:\/\/dodoac.org\/wp-content\/uploads\/2020\/04\/Aceite-de-palma.png 710w\" sizes=\"auto, (max-width: 195px) 100vw, 195px\" \/><\/a><\/p>\n<p>Carteles<\/p>\n<p><a href=\"http:\/\/dodoac.org\/wp-content\/uploads\/2020\/04\/Cartel-Cienegas-de-Lerma.pdf\" target=\"_blank\" rel=\"noopener noreferrer\"><img loading=\"lazy\" decoding=\"async\" class=\"alignnone size-medium wp-image-459\" src=\"http:\/\/dodoac.org\/wp-content\/uploads\/2020\/04\/Cartel-Cienegas-de-Lerma-300x201.png\" alt=\"\" width=\"300\" height=\"201\" srcset=\"https:\/\/dodoac.org\/wp-content\/uploads\/2020\/04\/Cartel-Cienegas-de-Lerma-300x201.png 300w, https:\/\/dodoac.org\/wp-content\/uploads\/2020\/04\/Cartel-Cienegas-de-Lerma-150x100.png 150w, https:\/\/dodoac.org\/wp-content\/uploads\/2020\/04\/Cartel-Cienegas-de-Lerma-768x514.png 768w, https:\/\/dodoac.org\/wp-content\/uploads\/2020\/04\/Cartel-Cienegas-de-Lerma-1024x685.png 1024w, https:\/\/dodoac.org\/wp-content\/uploads\/2020\/04\/Cartel-Cienegas-de-Lerma.png 1282w\" sizes=\"auto, (max-width: 300px) 100vw, 300px\" \/><\/a> <a href=\"http:\/\/dodoac.org\/wp-content\/uploads\/2020\/04\/Cartel-Reserva-Biosfera-Janos.pdf\" target=\"_blank\" rel=\"noopener noreferrer\"><img loading=\"lazy\" decoding=\"async\" class=\"alignnone size-medium wp-image-462\" src=\"http:\/\/dodoac.org\/wp-content\/uploads\/2020\/04\/Cartel-Reserva-Biosfera-Janos-web-300x215.jpg\" alt=\"\" width=\"300\" height=\"215\" srcset=\"https:\/\/dodoac.org\/wp-content\/uploads\/2020\/04\/Cartel-Reserva-Biosfera-Janos-web-300x215.jpg 300w, https:\/\/dodoac.org\/wp-content\/uploads\/2020\/04\/Cartel-Reserva-Biosfera-Janos-web-150x107.jpg 150w, https:\/\/dodoac.org\/wp-content\/uploads\/2020\/04\/Cartel-Reserva-Biosfera-Janos-web.jpg 709w\" sizes=\"auto, (max-width: 300px) 100vw, 300px\" \/><\/a><\/p>\n<p>Proyectos sociales<\/p>\n<p><a href=\"http:\/\/dodoac.org\/wp-content\/uploads\/2020\/05\/Dipticohijosabordo.pdf\" target=\"_blank\" rel=\"noopener noreferrer\"><img loading=\"lazy\" decoding=\"async\" class=\"alignnone  wp-image-506\" src=\"http:\/\/dodoac.org\/wp-content\/uploads\/2020\/05\/Hijos-a-bordo-imagen-238x300.png\" alt=\"\" width=\"151\" height=\"190\" srcset=\"https:\/\/dodoac.org\/wp-content\/uploads\/2020\/05\/Hijos-a-bordo-imagen-238x300.png 238w, https:\/\/dodoac.org\/wp-content\/uploads\/2020\/05\/Hijos-a-bordo-imagen-119x150.png 119w, https:\/\/dodoac.org\/wp-content\/uploads\/2020\/05\/Hijos-a-bordo-imagen.png 732w\" sizes=\"auto, (max-width: 151px) 100vw, 151px\" \/><\/a> <a href=\"http:\/\/dodoac.org\/wp-content\/uploads\/2020\/05\/ninossanos.pdf\" target=\"_blank\" rel=\"noopener noreferrer\"><img loading=\"lazy\" decoding=\"async\" class=\"alignnone  wp-image-505\" src=\"http:\/\/dodoac.org\/wp-content\/uploads\/2020\/05\/Nin\u0303os-sanos-imagen-260x300.png\" alt=\"\" width=\"168\" height=\"194\" srcset=\"https:\/\/dodoac.org\/wp-content\/uploads\/2020\/05\/Nin\u0303os-sanos-imagen-260x300.png 260w, https:\/\/dodoac.org\/wp-content\/uploads\/2020\/05\/Nin\u0303os-sanos-imagen-130x150.png 130w, https:\/\/dodoac.org\/wp-content\/uploads\/2020\/05\/Nin\u0303os-sanos-imagen-768x888.png 768w, https:\/\/dodoac.org\/wp-content\/uploads\/2020\/05\/Nin\u0303os-sanos-imagen.png 796w\" sizes=\"auto, (max-width: 168px) 100vw, 168px\" \/><\/a><\/p>\n<p><a href=\"http:\/\/dodoac.org\/index.php\/exposicion-fotografica-janos-y-los-pastizales-de-norteamerica\/\">Exposici\u00f3n Fotogr\u00e1fica: Janos y los Pastizales de Norteam\u00e9rica.<\/a><\/p>\n<p><img loading=\"lazy\" decoding=\"async\" class=\"alignnone size-medium wp-image-321\" src=\"http:\/\/dodoac.org\/wp-content\/uploads\/2018\/01\/Exposicio\u0301n-en-Museo-de-las-Culturas-del-Norte-300x220.jpg\" alt=\"\" width=\"300\" height=\"220\" srcset=\"https:\/\/dodoac.org\/wp-content\/uploads\/2018\/01\/Exposicio\u0301n-en-Museo-de-las-Culturas-del-Norte-300x220.jpg 300w, https:\/\/dodoac.org\/wp-content\/uploads\/2018\/01\/Exposicio\u0301n-en-Museo-de-las-Culturas-del-Norte-150x110.jpg 150w, https:\/\/dodoac.org\/wp-content\/uploads\/2018\/01\/Exposicio\u0301n-en-Museo-de-las-Culturas-del-Norte-768x563.jpg 768w, https:\/\/dodoac.org\/wp-content\/uploads\/2018\/01\/Exposicio\u0301n-en-Museo-de-las-Culturas-del-Norte.jpg 800w\" sizes=\"auto, (max-width: 300px) 100vw, 300px\" \/>&nbsp; &nbsp;<img loading=\"lazy\" decoding=\"async\" class=\"alignnone wp-image-322\" src=\"http:\/\/dodoac.org\/wp-content\/uploads\/2018\/01\/Expo-Janos-Quinta-Gameros-Chih_092210-300x200.jpg\" alt=\"\" width=\"327\" height=\"218\" srcset=\"https:\/\/dodoac.org\/wp-content\/uploads\/2018\/01\/Expo-Janos-Quinta-Gameros-Chih_092210-300x200.jpg 300w, https:\/\/dodoac.org\/wp-content\/uploads\/2018\/01\/Expo-Janos-Quinta-Gameros-Chih_092210-150x100.jpg 150w, https:\/\/dodoac.org\/wp-content\/uploads\/2018\/01\/Expo-Janos-Quinta-Gameros-Chih_092210-768x512.jpg 768w, https:\/\/dodoac.org\/wp-content\/uploads\/2018\/01\/Expo-Janos-Quinta-Gameros-Chih_092210.jpg 800w\" sizes=\"auto, (max-width: 327px) 100vw, 327px\" \/><\/p>\n<div id=\"comp-ili4pgk9\" class=\"txtNew\" data-reactid=\".0.$SITE_ROOT.$desktop_siteRoot.$PAGES_CONTAINER.1.1.$SITE_PAGES.$f3zum_DESKTOP.1.$comp-iuyz8wmx.1.$comp-iuyz8wnw\/=1$comp-iuyz8wnw.1.$comp-iuyz8wo1.1.$comp-ili4pgk9\">&nbsp;<\/div>\n\n\n<p><\/p>\n\n\n\n<p><\/p>\n","protected":false},"excerpt":{"rendered":"<p>Somos grupo de personas que trabajan en distintas disciplinas, que influyen a la educaci\u00f3n ambiental, la ecolog\u00eda, la biolog\u00eda de la conservaci\u00f3n, la sustentabilidad, la m\u00fasica, las artes gr\u00e1ficas y el teatro.&nbsp; Buscamos generar un cambio positivo en la actitud de la sociedad hacia la naturaleza. &nbsp; Misi\u00f3n: Contribuir a la conservaci\u00f3n de la naturaleza [&hellip;]<\/p>\n","protected":false},"author":1,"featured_media":0,"parent":0,"menu_order":0,"comment_status":"closed","ping_status":"closed","template":"","meta":{"footnotes":""},"class_list":["post-119","page","type-page","status-publish","hentry"],"blocksy_meta":[],"_links":{"self":[{"href":"https:\/\/dodoac.org\/index.php\/wp-json\/wp\/v2\/pages\/119","targetHints":{"allow":["GET"]}}],"collection":[{"href":"https:\/\/dodoac.org\/index.php\/wp-json\/wp\/v2\/pages"}],"about":[{"href":"https:\/\/dodoac.org\/index.php\/wp-json\/wp\/v2\/types\/page"}],"author":[{"embeddable":true,"href":"https:\/\/dodoac.org\/index.php\/wp-json\/wp\/v2\/users\/1"}],"replies":[{"embeddable":true,"href":"https:\/\/dodoac.org\/index.php\/wp-json\/wp\/v2\/comments?post=119"}],"version-history":[{"count":61,"href":"https:\/\/dodoac.org\/index.php\/wp-json\/wp\/v2\/pages\/119\/revisions"}],"predecessor-version":[{"id":598,"href":"https:\/\/dodoac.org\/index.php\/wp-json\/wp\/v2\/pages\/119\/revisions\/598"}],"wp:attachment":[{"href":"https:\/\/dodoac.org\/index.php\/wp-json\/wp\/v2\/media?parent=119"}],"curies":[{"name":"wp","href":"https:\/\/api.w.org\/{rel}","templated":true}]}}